{"id":1099,"date":"2023-02-13T12:03:40","date_gmt":"2023-02-13T12:03:40","guid":{"rendered":"https:\/\/www.cercitop.org\/www\/?page_id=1099"},"modified":"2023-02-13T12:17:57","modified_gmt":"2023-02-13T12:17:57","slug":"canal-de-denuncia-interno","status":"publish","type":"page","link":"https:\/\/www.cercitop.org\/www\/canal-de-denuncia-interno\/","title":{"rendered":"Canal de Den\u00fancia Interno"},"content":{"rendered":"\n<p><strong>CANAL DE DEN\u00daNCIA INTERNO<\/strong><\/p>\n\n\n\n<p>A Lei n.\u00ba 93\/2021 de 20 de dezembro veio estabelecer o regime geral de prote\u00e7\u00e3o de denunciantes de infra\u00e7\u00f5es, transpondo para o ordenamento jur\u00eddico nacional a Diretiva 2019\/1937 do Parlamento Europeu e do Conselho de 23 de outubro, relativamente \u00e0 prote\u00e7\u00e3o das pessoas que denunciam viola\u00e7\u00f5es do direito da Uni\u00e3o Europeia, no que respeita \u00e0s seguintes mat\u00e9rias:<\/p>\n\n\n\n<p>-Contrata\u00e7\u00e3o p\u00fablica;<\/p>\n\n\n\n<p>-Servi\u00e7os, produtos e mercados financeiros e preven\u00e7\u00e3o do branqueamento de capitais e do financiamento do terrorismo;<\/p>\n\n\n\n<p>-Seguran\u00e7a e conformidade dos produtos;<\/p>\n\n\n\n<p>-Seguran\u00e7a dos transportes;<\/p>\n\n\n\n<p>-Prote\u00e7\u00e3o do ambiente;<\/p>\n\n\n\n<p>-Prote\u00e7\u00e3o contra radia\u00e7\u00f5es e seguran\u00e7a nuclear;<\/p>\n\n\n\n<p>-Seguran\u00e7a dos alimentos para consumo humano e animal, sa\u00fade animal e bem-estar animal;<\/p>\n\n\n\n<p>-Sa\u00fade p\u00fablica;<\/p>\n\n\n\n<p>-Defesa do consumidor;<\/p>\n\n\n\n<p>-Prote\u00e7\u00e3o da privacidade e dos dados pessoais e seguran\u00e7a de redes e dos sistemas de informa\u00e7\u00e3o;<\/p>\n\n\n\n<p>-Interesses financeiros da Uni\u00e3o Europeia;<\/p>\n\n\n\n<p>-Regras de concorr\u00eancia e aux\u00edlios estatais;<\/p>\n\n\n\n<p>-Criminalidade violenta;<\/p>\n\n\n\n<p>Corrup\u00e7\u00e3o e infra\u00e7\u00f5es conexas, nomeadamente os crimes de corrup\u00e7\u00e3o ativa e passiva, oferta e recebimento indevidos de vantagem, peculato, participa\u00e7\u00e3o econ\u00f3mica em neg\u00f3cio, concuss\u00e3o, abuso de poder, prevarica\u00e7\u00e3o, tr\u00e1fico de influ\u00eancia, branqueamento ou fraude na obten\u00e7\u00e3o ou desvio de subs\u00eddio, subven\u00e7\u00e3o ou cr\u00e9dito.<\/p>\n\n\n\n<p><strong>Quem pode efetuar a den\u00fancia<\/strong><\/p>\n\n\n\n<p>A den\u00fancia de infra\u00e7\u00f5es poder\u00e1 ser efetuada por todos aqueles que, direta ou indiretamente, se relacionem com a CERCITOP,CRL e que tenham fundamentos s\u00e9rios sobre a exist\u00eancia destas pr\u00e1ticas.<\/p>\n\n\n\n<p><strong>Como efetuar a den\u00fancia<\/strong><\/p>\n\n\n\n<p>As den\u00fancias podem ser efetuadas das seguintes formas:<\/p>\n\n\n\n<p>-Por carta remetida para a morada Rua Nuno Rodrigues dos Santos n.\u00ba 5A, 2725-406 Mem Martins, endere\u00e7ada ao respons\u00e1vel pelo tratamento das den\u00fancias;<\/p>\n\n\n\n<p>-Por correio eletr\u00f3nico para o endere\u00e7o <a href=\"mailto:canal.denuncia@cercitop.org\">canal.denuncia@cercitop.org<\/a>;<\/p>\n\n\n\n<p>-Verbalmente solicitando uma reuni\u00e3o presencial com o respons\u00e1vel pelo tratamento das den\u00fancias.<\/p>\n\n\n\n<p><strong>Regulamento do canal de den\u00fancia<\/strong><\/p>\n\n\n\n<p>Para mais informa\u00e7\u00f5es pode consultar o Regulamento do Canal de Den\u00fancia Interno<\/p>\n\n\n\n<p><a href=\"https:\/\/www.cercitop.org\/www\/wp-content\/uploads\/2023\/02\/Regulamento-do-Canal-de-Denuncia-Interno.pdf\">Regulamento-do-Canal-de-Denuncia-Interno.pdf<\/a><\/p>\n\n\n\n<p><a href=\"https:\/\/www.cercitop.org\/www\/wp-content\/uploads\/2023\/02\/Lei-93.2021-de-20-de-Dezembro.pdf\">Lei-93.2021-de-20-de-Dezembro.pdf<\/a><\/p>\n","protected":false},"excerpt":{"rendered":"CANAL DE DEN\u00daNCIA INTERNO A Lei n.\u00ba 93\/2021 de 20 de dezembro veio estabelecer o regime geral de prote\u00e7\u00e3o de denunciantes de infra\u00e7\u00f5es, transpondo para o ordenamento jur\u00eddico nacional a Diretiva 2019\/1937 do Parlamento Europeu e do Conselho de 23 de outubro, relativamente \u00e0 prote\u00e7\u00e3o das pessoas que denunciam viola\u00e7\u00f5es do direito da Uni\u00e3o Europeia, (&#8230;)","protected":false},"author":2,"featured_media":0,"parent":0,"menu_order":2,"comment_status":"closed","ping_status":"closed","template":"","meta":{"footnotes":""},"_links":{"self":[{"href":"https:\/\/www.cercitop.org\/www\/wp-json\/wp\/v2\/pages\/1099"}],"collection":[{"href":"https:\/\/www.cercitop.org\/www\/wp-json\/wp\/v2\/pages"}],"about":[{"href":"https:\/\/www.cercitop.org\/www\/wp-json\/wp\/v2\/types\/page"}],"author":[{"embeddable":true,"href":"https:\/\/www.cercitop.org\/www\/wp-json\/wp\/v2\/users\/2"}],"replies":[{"embeddable":true,"href":"https:\/\/www.cercitop.org\/www\/wp-json\/wp\/v2\/comments?post=1099"}],"version-history":[{"count":5,"href":"https:\/\/www.cercitop.org\/www\/wp-json\/wp\/v2\/pages\/1099\/revisions"}],"predecessor-version":[{"id":1112,"href":"https:\/\/www.cercitop.org\/www\/wp-json\/wp\/v2\/pages\/1099\/revisions\/1112"}],"wp:attachment":[{"href":"https:\/\/www.cercitop.org\/www\/wp-json\/wp\/v2\/media?parent=1099"}],"curies":[{"name":"wp","href":"https:\/\/api.w.org\/{rel}","templated":true}]}}