{"id":220,"date":"2017-12-02T21:41:17","date_gmt":"2017-12-02T21:41:17","guid":{"rendered":"http:\/\/www.cercitop.org\/www\/?page_id=220"},"modified":"2018-04-11T08:56:58","modified_gmt":"2018-04-11T08:56:58","slug":"sobre","status":"publish","type":"page","link":"https:\/\/www.cercitop.org\/www\/sobre\/","title":{"rendered":"Sobre a CERCITOP"},"content":{"rendered":"<h2 style=\"text-align: center;\"><b>Mensagem do Presidente do Conselho de Administra\u00e7\u00e3o<\/b><\/h2>\n<h2 style=\"text-align: center;\"><strong>A CERCITOP,CRL<\/strong><\/h2>\n<p>A CERCITOP,CRL constitu\u00edda em 1999, \u00e9 uma cooperativa multissectorial de responsabilidade limitada, que optou pelo ramo da Solidariedade Social do sector cooperativo como elemento de refer\u00eancia e desenvolve atividade na \u00e1rea da presta\u00e7\u00e3o de cuidados e apoio a qualquer pessoa com depend\u00eancia ou incapacidade; sendo esta a nossa raz\u00e3o de existir.<\/p>\n<p>Sentimos necessidade de dar este salto, n\u00e3o apenas para estarmos cada vez mais preparados para o futuro e para a velocidade a que as mudan\u00e7as acontecem, mas sobretudo para que possamos cada vez mais nos voltarmos para o mundo empresarial de forma a apostar em neg\u00f3cios lucrativos, os quais possam compensar o d\u00e9fice criado pelo Estado no que respeita aos sectores da Seguran\u00e7a Social, da Sa\u00fade e da Educa\u00e7\u00e3o, em que este paga abaixo do custo de funcionamento &#8211; criando assim graves dificuldades financeiras \u00e0s organiza\u00e7\u00f5es sem fins lucrativos, situa\u00e7\u00e3o que se tem agravado imenso desde 2015.<\/p>\n<p>O nosso principal objetivo \u00e9 prestar cuidados de excel\u00eancia a pessoas com qualquer tipo de depend\u00eancia e abrangendo todas as faixas et\u00e1rias. Queremos contribuir para que em poucos anos Portugal possa ter todas estas \u00e1reas cobertas at\u00e9 n\u00e3o existirem listas de espera, at\u00e9 n\u00e3o existirem pessoas a precisar de cuidados e a n\u00e3o os ter.<\/p>\n<p>Para tal desenvolvemos projetos em parceria com diversos munic\u00edpios e procuramos atrav\u00e9s de meios pr\u00f3prios e de verbas a fundo perdido (comunit\u00e1rias ou do Estado portugu\u00eas ou de entidades privadas) investir em mais e novos equipamentos sociais\/sa\u00fade\/outros que v\u00e3o ao encontro das necessidades das popula\u00e7\u00f5es.<\/p>\n<p>Queremos igualmente com este apoio, direta e indiretamente, apoiar as fam\u00edlias dos nossos utentes e dar-lhes uma melhor qualidade de vida. Sem nunca esquecer tamb\u00e9m os nossos profissionais a quem procuramos dar as melhores condi\u00e7\u00f5es de trabalho poss\u00edveis e remunerar o melhor poss\u00edvel (apesar de nos \u00faltimos 7 anos ser cada vez mais dif\u00edcil fruto de um aumento brutal de custos impostos pelo Estado e de uma receita proveniente do Estado praticamente inalterada) de forma a motiv\u00e1-los para aquele que \u00e9 um trabalho exigente do ponto de vista f\u00edsico e emocional, cansativo e desgastante.<\/p>\n<p>A CERCITOP,CRL \u00e9 uma organiza\u00e7\u00e3o aberta, dispon\u00edvel para colaborar com todos e interessada em aceitar novos desafios. Entendemos que \u00e9 atrav\u00e9s de parcerias conjuntas que se consegue fazer muito mais do que isoladamente. Somos uma entidade respons\u00e1vel, que tamb\u00e9m comete erros e os assume, pagamos os nossos impostos, procuramos cumprir sempre o quadro legal que nos regula apesar de por vezes discordarmos dele e queremos continuar a ser uma institui\u00e7\u00e3o de refer\u00eancia da sociedade portuguesa e continuar a merecer a confian\u00e7a que as entidades p\u00fablicas e privadas em n\u00f3s depositam.<\/p>\n<p>Ficamos alegres e sentimos orgulho quando nos elogiam. Por vezes fazem-nos cr\u00edticas, umas vezes com raz\u00e3o, outras vezes n\u00e3o. Respondemos com o intuito de melhorar. Ficamos tristes quando por vezes dizem mal de n\u00f3s sem raz\u00e3o, umas vezes por inveja, outras vezes como \u201cpassa culpas\u201d da culpa de outros. Por isso \u00e9 t\u00e3o importante para n\u00f3s que n\u00e3o nos julguem sem nos conhecerem e connosco tirarem todas as d\u00favidas que quiserem. Avaliem-nos e tirem as vossas pr\u00f3prias conclus\u00f5es sem qualquer tipo de influ\u00eancia ou preconceito.<\/p>\n<p>Somos da opini\u00e3o que o pa\u00eds carece imenso de equipamentos sociais\/sa\u00fade (novas vagas e melhoria de espa\u00e7os f\u00edsicos j\u00e1 existentes) e que o Estado Portugu\u00eas deve investir mais nesta \u00e1rea, criando os mecanismos financeiros necess\u00e1rios para tal (nomeadamente atrav\u00e9s de fundos europeus) bem como criar um programa que permita a renova\u00e7\u00e3o da frota autom\u00f3vel (imensamente envelhecida) das institui\u00e7\u00f5es sem fins lucrativos (e j\u00e1 agora do pr\u00f3prio Estado tamb\u00e9m). Deve ainda o Estado legislar melhor, atualizar legisla\u00e7\u00e3o obsoleta, bem como ouvir a opini\u00e3o do sector social e solid\u00e1rio que tem grande conhecimento e experi\u00eancia nestas \u00e1reas. O Estado portugu\u00eas deve igualmente pagar o valor justo do servi\u00e7o que as organiza\u00e7\u00f5es sem fins lucrativos prestam para que estas entidades n\u00e3o vivam com dificuldades financeiras permanentes e a serem obrigadas a praticar uma pol\u00edtica de sal\u00e1rios baixos.<\/p>\n<p>Termino este texto de apresenta\u00e7\u00e3o destacando o Profissionalismo, Respeito, Confian\u00e7a, Humanismo e Empreendedorismo como os 5 valores pelos quais a CERCITOP,CRL se rege.<\/p>\n<p>Desafiando uma leitura mais atenta deste website de forma a nos conhecer um pouco melhor mas, sobretudo, que nos venha conhecer pessoalmente pois a CERCITOP \u00e9 uma organiza\u00e7\u00e3o totalmente aberta e transparente.<\/p>\n<p>Obrigado a todos os que contribu\u00edram para que a CERCITOP se tornasse naquilo que \u00e9 hoje \u2013 uma organiza\u00e7\u00e3o respeit\u00e1vel, de confian\u00e7a, que d\u00e1 trabalho direto a quase 240 pessoas e apoia aproximadamente 1650 utentes.<\/p>\n<p><b>Jos\u00e9 Bourdain<\/b><\/p>\n","protected":false},"excerpt":{"rendered":"Mensagem do Presidente do Conselho de Administra\u00e7\u00e3o A CERCITOP,CRL A CERCITOP,CRL constitu\u00edda em 1999, \u00e9 uma cooperativa multissectorial de responsabilidade limitada, que optou pelo ramo da Solidariedade Social do sector cooperativo como elemento de refer\u00eancia e desenvolve atividade na \u00e1rea da presta\u00e7\u00e3o de cuidados e apoio a qualquer pessoa com depend\u00eancia ou incapacidade; sendo esta (&#8230;)","protected":false},"author":1,"featured_media":63,"parent":0,"menu_order":12,"comment_status":"closed","ping_status":"closed","template":"","meta":{"footnotes":""},"_links":{"self":[{"href":"https:\/\/www.cercitop.org\/www\/wp-json\/wp\/v2\/pages\/220"}],"collection":[{"href":"https:\/\/www.cercitop.org\/www\/wp-json\/wp\/v2\/pages"}],"about":[{"href":"https:\/\/www.cercitop.org\/www\/wp-json\/wp\/v2\/types\/page"}],"author":[{"embeddable":true,"href":"https:\/\/www.cercitop.org\/www\/wp-json\/wp\/v2\/users\/1"}],"replies":[{"embeddable":true,"href":"https:\/\/www.cercitop.org\/www\/wp-json\/wp\/v2\/comments?post=220"}],"version-history":[{"count":8,"href":"https:\/\/www.cercitop.org\/www\/wp-json\/wp\/v2\/pages\/220\/revisions"}],"predecessor-version":[{"id":420,"href":"https:\/\/www.cercitop.org\/www\/wp-json\/wp\/v2\/pages\/220\/revisions\/420"}],"wp:featuredmedia":[{"embeddable":true,"href":"https:\/\/www.cercitop.org\/www\/wp-json\/wp\/v2\/media\/63"}],"wp:attachment":[{"href":"https:\/\/www.cercitop.org\/www\/wp-json\/wp\/v2\/media?parent=220"}],"curies":[{"name":"wp","href":"https:\/\/api.w.org\/{rel}","templated":true}]}}